{"id":3415,"date":"2016-01-27T19:13:24","date_gmt":"2016-01-27T17:13:24","guid":{"rendered":"http:\/\/www.spd-brensbach.de\/?page_id=3415"},"modified":"2025-12-22T12:37:43","modified_gmt":"2025-12-22T11:37:43","slug":"brensbacher-sozialdemokraten-gehen-mit-44-kandidatinnen-und-kandidaten-in-die-kommunalwahl-2016","status":"publish","type":"page","link":"https:\/\/www.spd-brensbach.de\/?page_id=3415","title":{"rendered":"Brensbacher Sozialdemokraten gehen mit 44 Kandidatinnen und Kandidaten in die Kommunalwahl 2016"},"content":{"rendered":"<p><strong>Brensbacher SPD zeigt Gesicht: Ein verj\u00fcngtes Team mit viel Engagement \u00fcbernimmt Verantwortung, hat Kompetenz und steht f\u00fcr Fortschritt. Zum Wohl der B\u00fcrgerinnen und B\u00fcrger von Brensbach.<\/strong><\/p>\n<p>Mit vielen neuen und auch jungen Pers\u00f6nlichkeiten aus unserer Gesamtgemeinde gehen die Brensbacher Sozialdemokraten in die Kommunalwahl 2016. Ein verj\u00fcngtes Team mit viel Engagement, bestehend aus 44 Kandidatinnen und Kandidaten, stellt sich damit den k\u00fcnftigen kommunalen Aufgaben zum Wohl der B\u00fcrgerinnen und B\u00fcrger von Brensbach. Helmut Kaffenberger und Sonja Maurer f\u00fchren die Bewerberliste an. In deren weiteren Folge findet sich eine gute Mischung von engagierten Frauen und M\u00e4nnern, erfahrenen Politikerinnen sowie Politikern und Neulingen mit frischen Ideen.<\/p>\n<p>Hier stellen sich unsere 25 Spitzenkandidatinnen und -kandidaten geordnet nach Listenplatz vor:<\/p>\n<h4>Helmut Kaffenberger, Brensbach<\/h4>\n<p><img decoding=\"async\" style=\"width: 200px; height: 300px; padding: 5px 20px 0 0; margin: 0; float: left;\" title=\"Helmut Kaffenberger\" src=\"\/wp-content\/uploads\/2016\/01\/Kaffenberger_Helmut_2015-12-19.jpg\" alt=\"Helmut Kaffenberger\" \/><strong>\u201eDie gestiegenen Erwartungen der B\u00fcrgerinnen und B\u00fcrger und Unternehmen an Art und Qualit\u00e4t kommunaler Leistungen stellen immer gr\u00f6\u00dfere Anforderungen an unsere Gemeinde. Wir sind ger\u00fcstet.\u201c<\/strong><\/p>\n<p>Der pensionierte Vermessungstechniker ist seit vielen Jahren kommunalpolitisch aktiv und seit 2006 Erster Beigeordneter der Gemeinde Brensbach. Aufgrund seiner stets auf Ausgleich bedachten Art und seiner au\u00dferordentlichen Fachkompetenz genie\u00dft er hohes Ansehen in der Bev\u00f6lkerung und den kommunalen Gremien. Helmut Kaffenberger ist verheiratet, Vater von zwei erwachsenen T\u00f6chtern und stolzer Gro\u00dfvater. Er gilt als ausgesprochener Familienmensch, der gerne wandert und dem Sport sehr verbunden ist. Bei der SSV Brensbach engagierte er sich \u00fcber Jahrzehnte in verschiedenen verantwortungsvollen Positionen.<\/p>\n<h4>Sonja Maurer, Wersau<\/h4>\n<p><img decoding=\"async\" style=\"width: 200px; height: 300px; padding: 5px 20px 0 0; margin: 0; float: left;\" title=\"Sonja Maurer\" src=\"\/wp-content\/uploads\/2016\/01\/Maurer_Sonja_2015-12-19.jpg\" alt=\"Sonja Maurer\" \/><strong>\u201eIm Zusammenspiel von Kommune und Kirche k\u00f6nnen wir den Folgen des demographischen Wandels am besten begegnen und unsere lebendige Dorfgemeinschaft erhalten und weiterentwickeln.\u201c<\/strong><\/p>\n<p>Die Industriekauffrau ist verheiratet, hat einen Sohn und lebt mit ihrer Familie in Wersau. Als langj\u00e4hrige Beigeordnete der Gemeinde Brensbach ist sie ein kommunalpolitisch erfahrenes Mitglied der SPD-Fraktion und in verantwortlicher Position t\u00e4tig. Sie engagiert sich als Vorsitzende des Ev. Kirchenvorstands Wersau sowie als Leiterin der Jungschar im kirchlichen Bereich und arbeitet nebenbei in der B\u00fccherei der Ev. Kirchengemeinde Brensbach. Ihr Schwerpunkt liegt im sozialen Bereich, so setzt sie sich besonders f\u00fcr die Erhaltung der Grundschulen in Brensbach und Wersau sowie f\u00fcr die Fortschreibung des Kita-Konzeptes und anderer Bildungsm\u00f6glichkeiten ein.<\/p>\n<h4>Folke M\u00fcller, H\u00f6llerbach<\/h4>\n<p><img decoding=\"async\" style=\"width: 200px; height: 300px; padding: 5px 20px 0 0; margin: 0; float: left;\" title=\"Folke M\u00fcller\" src=\"\/wp-content\/uploads\/2016\/01\/Mueller_Folke_2015-12-19.jpg\" alt=\"Folke M\u00fcller\" \/><strong>\u201eDie vielf\u00e4ltigen Aufgabenstellungen der kommenden Jahre erfordern eine partei\u00fcbergreifende Zusammenarbeit. Wir bieten den gesamtgesellschaftlichen Schulterschluss an.\u201c<\/strong><\/p>\n<p>Der 59-j\u00e4hrige Diplom-Ingenieur der Elektrotechnik wohnt seit \u00fcber 25 Jahren mit seiner Familie in H\u00f6llerbach. Er bringt seine Fachkompetenz und Lebenserfahrung seit 2006 in die Gemeindevertretung ein, zuletzt als deren Vorsitzender sowie als Mitglied des Haupt- und Finanzausschusses. Zus\u00e4tzlich nimmt er die Aufgaben des Ortsvorstehers von H\u00f6llerbach wahr. Seine Freundlichkeit und Hilfsbereitschaft sind ebenso anerkannt wie sein analytischer Sachverstand und seine Umsicht. Er ist seit \u00fcber 20 Jahren aktives Mitglied der \u00f6rtlichen Feuerwehr, bei der er sich bis heute um verschiedene verantwortungsvolle F\u00fchrungsaufgaben verdient macht.<\/p>\n<h4>Reiner M\u00fcller, Nieder-Kainsbach<\/h4>\n<p><img decoding=\"async\" style=\"width: 200px; height: 300px; padding: 5px 20px 0 0; margin: 0; float: left;\" title=\"Reiner M\u00fcller\" src=\"\/wp-content\/uploads\/2016\/01\/Mueller_Reiner_2015-12-19.jpg\" alt=\"Reiner M\u00fcller\" \/><strong>\u201eWir m\u00fcssen die finanziellen Rahmenbedingungen schaffen, damit kommunale Selbstverwaltung funktioniert und demokratische Mitbestimmungsprozesse auch tats\u00e4chlich stattfinden k\u00f6nnen.\u201c<\/strong><\/p>\n<p>Der verheiratete Informatiker aus Nieder-Kainsbach gilt als ruhiger, sachlicher Analytiker und zielorientierter Mensch. Als Mitglied der Gemeindevertretung und stellvertretender Vorsitzender des Haupt- und Finanzausschusses setzt er sich f\u00fcr die Entwicklung des \u00f6rtlichen Gewerbes, die Ansiedlung von jungen Familien sowie den Erhalt des Bildungsangebots und der Grundversorgung ein. Er ist Vorsteher des Ortsgerichts Brensbach III und zeichnet als Vorstandsmitglied der SG Nieder-Kainsbach\/Affh\u00f6llerbach e.V. f\u00fcr deren Finanzen verantwortlich. Neben der Familie und dem Fu\u00dfball geh\u00f6ren Touren mit dem Rennrad zu seinen Leidenschaften.<\/p>\n<h4>Sigrid V\u00f6lker, Wersau<\/h4>\n<p><img decoding=\"async\" style=\"width: 200px; height: 300px; padding: 5px 20px 0 0; margin: 0; float: left;\" title=\"Sigrid V\u00f6lker\" src=\"\/wp-content\/uploads\/2016\/01\/Voelker_Sigrid_2015-12-19.jpg\" alt=\"Sigrid V\u00f6lker\" \/><strong>\u201eIch bin Landmensch aus \u00dcberzeugung und bin auch weiterhin bereit, mich hier zu engagieren\u201c<\/strong><\/p>\n<p>Die 52-j\u00e4hrige Diplom-Ingenieurin ist verheiratet, hat zwei T\u00f6chter und arbeitet in Teilzeit als Umweltberaterin im Gersprenztal. Sie ist seit 1993 Gemeindevertreterin und derzeit auch im Sport-, Kultur- und Sozialausschuss t\u00e4tig. Dar\u00fcber hinaus vertritt sie die Gemeinde in den Verbandsversammlungen des M\u00fcllabfuhrzweckverbands Odenwald und des Zweckverbands Abfallverwertung S\u00fcdhessen. Auch im Ortsbeirat Wersau war sie \u00fcber viele Jahre t\u00e4tig. Die geb\u00fcrtige Wersauerin ist naturverbunden, unternimmt gerne Radtouren und Wanderungen und ist Mitglied in verschiedenen \u00f6rtlichen Vereinen.<\/p>\n<h4>Klaus-Dieter Schmidt, Brensbach<\/h4>\n<p><img decoding=\"async\" style=\"width: 200px; height: 300px; padding: 5px 20px 0 0; margin: 0; float: left;\" title=\"Klaus-Dieter Schmidt\" src=\"\/wp-content\/uploads\/2016\/01\/Schmidt_Klaus-Dieter_2015-12-19.jpg\" alt=\"Klaus-Dieter Schmidt\" \/><strong>\u201eIch trete ein f\u00fcr ein familienfreundliches und wirtschaftlich starkes Brensbach.\u201c<\/strong><\/p>\n<p>Der agile Rentner hatte bis zu seiner Pensionierung als Leiter eines Gro\u00dfhandelsbetriebes die Verantwortung f\u00fcr den kaufm\u00e4nnischen Bereich. Als Vater von zwei erwachsenen T\u00f6chtern und Gro\u00dfvater von vier Enkelkindern stehen f\u00fcr ihn die Familie und der Sozialbereich an vorderster Stelle. Als Vorsitzender des SPD-Ortsvereins und Mitglied der Gemeindevertretung setzt er sich aktiv und engagiert f\u00fcr die Interessen der B\u00fcrgerinnen und B\u00fcrger unserer Gemeinde ein. Ihm liegt die positive wirtschaftliche und familienfreundliche Entwicklung von Brensbach und seiner Region besonders am Herzen. Als ehrenamtliches Vorstandsmitglied in verschiedenen sozialen Organisationen ist er vertrauensvoller Ansprechpartner und engagierter Helfer auch f\u00fcr die \u00e4ltere Generation.<\/p>\n<h4>Christian Senker, Wersau<\/h4>\n<p><img decoding=\"async\" style=\"width: 200px; height: 300px; padding: 5px 20px 0 0; margin: 0; float: left;\" title=\"Christian Senker\" src=\"\/wp-content\/uploads\/2016\/01\/Senker_Christian_2015-12-19.jpg\" alt=\"Christian Senker\" \/><strong>\u201eUnser Ziel ist die Erhaltung von Brensbach als ein lebenswerter Wohnort f\u00fcr die junge Generation.\u201c<\/strong><\/p>\n<p>Der 23-j\u00e4hrige Wersauer schlie\u00dft im Fr\u00fchjahr 2016 sein Studium der Sozialen Arbeit ab und strebt anschlie\u00dfend ein Masterstudium an. Zurzeit betreut er als Sozialarbeiter jugendliche Fl\u00fcchtlinge in Affh\u00f6llerbach. Als Vorsitzender der Jusos im Odenwald ist es ihm ein Bed\u00fcrfnis, politisches und gesellschaftliches Interesse junger Menschen zu f\u00f6rdern. Als stellvertretender Vorsitzender der Brensbacher SPD \u00fcbernimmt er Verantwortung und bringt sich aktiv in den politischen Prozess unserer Gemeinde ein. Christian Senker ist dar\u00fcber hinaus ehrenamtlicher Mitarbeiter unserer Gemeinde und seit Jahren aktiv an der Planung und Durchf\u00fchrung der Brensbacher Ferienspiele beteiligt. Auch aufgrund dieser T\u00e4tigkeit ist es ihm besonders wichtig, f\u00fcr die Interessen von Kindern und Jugendlichen einzutreten.<\/p>\n<h4>Maria Triesethau, Wersau<\/h4>\n<p><img decoding=\"async\" style=\"width: 200px; height: 300px; padding: 5px 20px 0 0; margin: 0; float: left;\" title=\"Maria Triesethau\" src=\"\/wp-content\/uploads\/2016\/01\/Triesethau_Maria_2015-12-19.jpg\" alt=\"Maria Triesethau\" \/><strong>\u201eWir m\u00fcssen b\u00fcrgerschaftliches Engagement sowie Toleranz und Solidarit\u00e4t f\u00f6rdern, zum Wohle des Miteinanders in einer Gemeinde mit Herz.\u201c<\/strong><\/p>\n<p>Im Juli erreicht die kreative P\u00e4dagogin aus Wersau das Pensionsalter. Den damit verbundenen Freiraum nutzt die erfahrene Kommunalpolitikerin, um nach sechsj\u00e4hriger Pause erneut f\u00fcr die Gemeindevertretung zu kandidieren. Bis zu ihrem Ausscheiden 2011 f\u00fchrte sie die SPD-Fraktion 17 Jahre sehr erfolgreich. Dem \u201eWersauer Urgestein\u201c liegen die Belange der Gemeinde sehr am Herzen und die Sorgen und N\u00f6te der B\u00fcrger sind ihr vertraut. Maria Triesethau hat zwei erwachsene T\u00f6chter und ist vielseitig kulturell interessiert. Sie greift auch gerne selbst zur Feder. Literatur und Geschichte sind f\u00fcr sie von besonderem Interesse und sie setzt sich f\u00fcr den Schutz von Natur und Umwelt ein.<\/p>\n<h4>Ewald Eifert, Brensbach<\/h4>\n<p><img decoding=\"async\" style=\"width: 200px; height: 300px; padding: 5px 20px 0 0; margin: 0; float: left;\" title=\"Ewald Eifert\" src=\"\/wp-content\/uploads\/2016\/01\/Eifert_Ewald_2015-12-19.jpg\" alt=\"Ewald Eifert\" \/><strong>\u201eVereine sind von zentraler Bedeutung f\u00fcr unsere Gemeinschaft und es gilt, die Rahmenbedingungen f\u00fcr deren Aktivit\u00e4ten auch in Zukunft sicherzustellen.\u201c<\/strong><\/p>\n<p>Der Pension\u00e4r ist Vorsitzender der SSV Brensbach und blickt auf mehr als 30 Jahre aktive Vorstandsarbeit zur\u00fcck. Dabei hat er Land und Leute kennengelernt. In seiner ruhigen, sachlichen Art ist er im Vereinsleben f\u00fcr Jung und Alt als Motivator bekannt und hat gezeigt, dass er \u00fcber soziale Kompetenz, Ausdauer und Teamf\u00e4higkeit verf\u00fcgt. In die Kommunalpolitik bringt er seine Lebenserfahrung ein und hilft mit, diese noch demokratischer und transparenter zu gestalten. Der Vater von drei Kindern wurde 2014 zum stellvertretenden Vorsitzenden der Gemeindevertretung gew\u00e4hlt. Neben der Familie, Haus und Garten ist Fu\u00dfball sein gro\u00dfes Hobby.<\/p>\n<h4>Daniela Rug, Brensbach<\/h4>\n<p><img decoding=\"async\" style=\"width: 200px; height: 300px; padding: 5px 20px 0 0; margin: 0; float: left;\" title=\"Daniela Rug\" src=\"\/wp-content\/uploads\/2016\/01\/Rug_Daniela_2015-12-19.jpg\" alt=\"Daniela Rug\" \/><strong>\u201eWir m\u00fcssen unsere Gemeinde st\u00e4rken, durch den Zuzug von Familien und die Ansiedlung von Gewerbe.\u201c<\/strong><\/p>\n<p>Die geb\u00fcrtige Pf\u00e4lzerin ist verheiratet und hat vor drei Jahren ihre neue Heimat in Brensbach gefunden. Die Diplom-Verwaltungswirtin arbeitet beim Regierungspr\u00e4sidium Darmstadt und konnte dort unter anderem in den Bereichen Kommunalaufsicht sowie Haushaltswesen Erfahrungen sammeln. Die politische Newcomerin zeichnet sich durch ihre ruhige, sachliche und ausgeglichene Art aus und setzt auf eine st\u00e4rkere F\u00f6rderung von Familien, Kindern und Jugendlichen. In ihrer Freizeit zieht es die 28-J\u00e4hrige h\u00e4ufig in die Natur, wo sie beim Wandern und Radfahren abschalten kann.<\/p>\n<h4>Roland Hansetz, Brensbach<\/h4>\n<p><img decoding=\"async\" style=\"width: 200px; height: 300px; padding: 5px 20px 0 0; margin: 0; float: left;\" title=\"Roland Hansetz\" src=\"\/wp-content\/uploads\/2016\/01\/Hansetz_Roland_2015-12-19.jpg\" alt=\"Roland Hansetz\" \/><strong>\u201eDie zunehmende Alterung der Bev\u00f6lkerung ver\u00e4ndert die Anforderungen an die kommunale Infrastruktur und die \u00f6ffentliche Daseinsvorsorge. Wir sind darauf vorbereitet.\u201c<\/strong><\/p>\n<p>Der 1951 geborene ehemalige Polizeibeamte lebt in Brensbach und wurde 2013 in den Gemeindevorstand gew\u00e4hlt. Dort setzt er sich besonders f\u00fcr junge Familien sowie f\u00fcr die \u00e4ltere Generation ein. Er ist verheiratet, hat zwei Kinder und vier Enkel. Durch seinen Beruf und seine aktive T\u00e4tigkeit bei mehreren Sportvereinen kennt er die Stimmung der B\u00fcrgerinnen und B\u00fcrger und kann ihre Sorgen und N\u00f6te einsch\u00e4tzen. Viele Sportarten begeistern ihn, jedoch h\u00e4ngt sein Herz am Fu\u00dfball. Beim SSV Brensbach engagiert er sich aktiv bei den Alten Herren.<\/p>\n<h4>Helmut Sch\u00f6nberg, Brensbach<\/h4>\n<p><img decoding=\"async\" style=\"width: 200px; height: 300px; padding: 5px 20px 0 0; margin: 0; float: left;\" title=\"Helmut Sch\u00f6nberg\" src=\"\/wp-content\/uploads\/2016\/01\/Schoenberg_Helmut_2015-12-19.jpg\" alt=\"Helmut Sch\u00f6nberg\" \/><strong>\u201eSoziale Netzwerke, beispielsweise im Vereinsleben oder Ehrenamt, m\u00fcssen wir sorgsam pflegen und weiter ausbauen.\u201c<\/strong><\/p>\n<p>Der verheiratete ehemalige Vertriebsingenieur ist 1941 in L\u00fcbeck geboren und lebt seit 1975 in Brensbach. Als ehemaliger Tennisspieler ist er seit Jahrzehnten im Vorstand des Sportvereins SSV Brensbach t\u00e4tig und begleitet den Verein noch heute als zweiter Vorsitzender. Er gilt als F\u00f6rderer des Sports und Koordinator der Vereins- und Gemeindeinteressen. Als langj\u00e4hriger Gemeindevertreter vertritt er die Belange der B\u00fcrger im Bau-, Umwelt- und Landwirtschaftsausschuss. Zudem ist er Ortsgerichtssch\u00f6ffe. Seine Freizeitinteressen gelten dem Radfahren, dem Sportverein und der Hundebetreuung.<\/p>\n<h4>Manuel Rug, Brensbach<\/h4>\n<p><img decoding=\"async\" style=\"width: 200px; height: 300px; padding: 5px 20px 0 0; margin: 0; float: left;\" title=\"Manuel Rug\" src=\"\/wp-content\/uploads\/2016\/01\/Rug_Manuel_2015-12-19.jpg\" alt=\"Manuel Rug\" \/><strong>\u201eBildung ist auch eine kommunale und f\u00fcr uns wichtige Aufgabe, denn die Qualit\u00e4t der Betreuung in den Kindertagesst\u00e4tten beeinflusst die Startchancen und sp\u00e4tere Entwicklung der Kinder.\u201c<\/strong><\/p>\n<p>Der verheiratete Diplom-Verwaltungswirt arbeitet beim Regierungspr\u00e4sidium Darmstadt im Bereich Umweltschutz und setzt sich in der Beh\u00f6rde als Gewerkschaftsbeauftragter f\u00fcr die Belange der Besch\u00e4ftigten ein. Neben dem Beruf ist er in weiteren gewerkschaftlichen Funktionen und Gremien t\u00e4tig. Sein ehrenamtliches Engagement m\u00f6chte er nun auch in die Gemeindevertretung einbringen und sich dort f\u00fcr soziale Gerechtigkeit und gleiche Bildungschancen einsetzen. Seinen Ausgleich findet der 27-J\u00e4hrige beim Radfahren und Wandern.<\/p>\n<h4>Roger Flath, H\u00f6llerbach<\/h4>\n<p><img decoding=\"async\" style=\"width: 200px; height: 300px; padding: 5px 20px 0 0; margin: 0; float: left;\" title=\"Roger Flath\" src=\"\/wp-content\/uploads\/2016\/01\/Flath_Roger_2015-12-19.jpg\" alt=\"Roger Flath\" \/><strong>\u201eDie Aufwertung des Innerortsbereiches von Brensbach und der Dorfmittelpunkte der Ortsteile muss unser Ziel sein, um junge Familien und die \u00e4ltere Generation hier zu halten.\u201c<\/strong><\/p>\n<p>Sozialdemokratisches Engagement zum Wohle der Gemeinde hat Tradition in der Familie des Feinmechanikers aus H\u00f6llerbach und wurde ihm schon mit in die Wiege gelegt. Sein Vater ist f\u00fcr die SPD seit Jahrzehnten aktiv und war viele Jahre Mitglied im Ortsbeirat von H\u00f6llerbach. Roger Flath gilt als b\u00fcrgernah und kennt die Sorgen und N\u00f6te der B\u00fcrgerinnen und B\u00fcrger sehr genau. Der verheiratete Vater von zwei Kindern ist Mitglied des Ausschusses f\u00fcr Bauen, Umwelt und Landwirtschaft.<\/p>\n<h4>Sabine Belinga Belinga, Brensbach<\/h4>\n<p><img decoding=\"async\" style=\"width: 200px; height: 300px; padding: 5px 20px 0 0; margin: 0; float: left;\" title=\"Sabine Belinga Belinga\" src=\"\/wp-content\/uploads\/2016\/01\/Belinga_Sabine_2015-12-19.jpg\" alt=\"Sabine Belinga Belinga\" \/><strong>\u201eDie Einrichtungen der sozialen Infrastruktur \u2013 insbesondere Bildungseinrichtungen \u2013 m\u00fcssen wir erhalten und versuchen zu verbessern.\u201c<\/strong><\/p>\n<p>Sabine Belinga Belinga ist eine frischpensionierte Lehrerin. Als Vorsitzende des Vereins \u201eWir sind eine Welt e.V.\u201c investiert sie die neu gewonnene Freiheit bislang haupts\u00e4chlich in die Belange dieses Vereins. Doch nun sind auch die Bereiche Soziales und Kultur der Brensbacher Gemeinde in den Fokus ihres Engagements hier vor Ort ger\u00fcckt. Sie ist Mutter von drei erwachsenen Kindern und hat ein Enkelkind. In Musik und Kunsthandwerk findet sie den Ausgleich zum Alltag.<\/p>\n<h4>Wilfried Ke\u00dfler, Brensbach<\/h4>\n<p><img decoding=\"async\" style=\"width: 200px; height: 300px; padding: 5px 20px 0 0; margin: 0; float: left;\" title=\"Wilfried Ke\u00dfler\" src=\"\/wp-content\/uploads\/2016\/01\/Kessler_Wilfried_2015-12-19.jpg\" alt=\"Wilfried Ke\u00dfler\" \/><strong>\u201eWir werden die urbane Qualit\u00e4t von Ortskern und Dorfmittelpunkten weiter ausbauen.\u201c<\/strong><\/p>\n<p>Der vielseitig interessierte Vater von zwei erwachsenen Kindern wohnt seit fast 40 Jahren in Brensbach. Zusammen mit seiner Frau Marianne, hat er sich um die deutsch-franz\u00f6sische Partnerschaft sehr verdient gemacht. Zu seinen weiteren Hobbys z\u00e4hlen die Fotografie, das Heimwerken und Tanzen sowie der Obstbau. Den Obst- und Gartenbauverein Brensbach f\u00fchrt er seit 1991 als 1. Vorsitzender und im Verschwisterungsverein arbeitet er seit mehr als 20 Jahren aktiv mit. Politisch hat sich Wilfried Ke\u00dfler bisher im Ortsbeirat Brensbach engagiert. Nun will er seine Schwerpunktthemen, die im Bereich Umwelt- und Naturschutz liegen, in die Gemeindevertretung einbringen. Auch die Ortsentwicklung von Brensbach liegt ihm besonders am Herzen.<\/p>\n<h4>Jean-F\u00e9lix Belinga Belinga, Brensbach<\/h4>\n<p><img decoding=\"async\" style=\"width: 200px; height: 300px; padding: 5px 20px 0 0; margin: 0; float: left;\" title=\"Jean-F\u00e9lix Belinga Belinga\" src=\"\/wp-content\/uploads\/2016\/01\/Belinga_Jean-Felix_2015-12-19.jpg\" alt=\"Jean-F\u00e9lix Belinga Belinga\" \/><strong>\u201eKinder- und jugendfreundlich zu sein, hei\u00dft f\u00fcr mich, die Bed\u00fcrfnisse von jungen Menschen zu thematisieren und sie an allen sie betreffenden Entscheidungen in der Kommune zu beteiligen.\u201c<\/strong><\/p>\n<p>In Kamerun geboren, immigrierte Jean-F\u00e9lix Belinga Belinga 1980 nach Deutschland. Seit 1992 ist Brensbach f\u00fcr ihn und seine Familie st\u00e4ndiger Wohnort. Hier hat sich der evangelische Pfarrer, der nebenbei auch Kinderb\u00fccher schreibt, vielseitig im Leben der Gemeinde engagiert. Er ist Referent f\u00fcr Interkulturelles Lernen im Zentrum \u00d6kumene der Evangelischen Kirche. Der Wahl-Brensbacher ist verheiratet, Vater von drei erwachsenen Kindern und seit Kurzem Gro\u00dfvater. Zu seinen zuk\u00fcnftigen Zielen geh\u00f6ren die Durchf\u00fchrung von Kinder- und Jugendprojekte in der Gro\u00dfgemeinde Brensbach. Musik und Schreiben sind f\u00fcr ihn eine Leidenschaft.<\/p>\n<h4>J\u00fcrgen Maul, Brensbach<\/h4>\n<p><img decoding=\"async\" style=\"width: 200px; height: 300px; padding: 5px 20px 0 0; margin: 0; float: left;\" title=\"J\u00fcrgen Maul\" src=\"\/wp-content\/uploads\/2016\/01\/Maul_Juergen_2015-12-19.jpg\" alt=\"J\u00fcrgen Maul\" \/><strong>\u201eDie Erhaltung von Brensbach als ein lebenswerter und intakter Wohnort f\u00fcr Familien ist mein Ziel. Dazu sind nachhaltige Investitionen n\u00f6tig, von denen unsere Kinder und Enkel profitieren.\u201c<\/strong><\/p>\n<p>Der 60-j\u00e4hrige J\u00fcrgen Maul ist ein echter Brensbacher. Er ist hier geboren und lebt nach wie vor mit seiner Familie in Brensbach. Der selbstst\u00e4ndige Unternehmer ist verheiratet, Vater von zwei erwachsenen Kindern und Gro\u00dfvater von zwei Enkelkindern. Das Wohl unserer Gemeinde liegt ihm besonders am Herzen, gerade im Hinblick auf das Enkelkind, das in Brensbach gro\u00df werden soll. Vor allem ihm will er ein lebenswertes und intaktes Brensbach hinterlassen. Der sozial ausgerichtete Familienmensch hat sich deshalb entschlossen, die Zukunft unserer Gemeinde aktiv mitzugestalten. J\u00fcrgen Maul reist und angelt gerne. Am liebsten verbringt er seine Freizeit jedoch mit seinen Enkeln.<\/p>\n<h4>Simon Stephan, Brensbach<\/h4>\n<p><img decoding=\"async\" style=\"width: 200px; height: 300px; padding: 5px 20px 0 0; margin: 0; float: left;\" title=\"Simon Stephan\" src=\"\/wp-content\/uploads\/2016\/01\/Stephan_Simon_2015-12-19.jpg\" alt=\"Simon Stephan\" \/><strong>\u201eUm Jugendliche hier zu halten, wollen wir das Freizeitangebot verbessern, unsere Schulen erhalten und die beruflichen Perspektiven ausbauen.\u201c<\/strong><\/p>\n<p>Simon Stephan wohnt in Brensbach und ist Rettungssanit\u00e4ter. Zuverl\u00e4ssigkeit, Belastbarkeit, Kollegialit\u00e4t und ein gewisser Hang zum Perfektionismus zeichnen ihn aus. Er engagiert sich seit vielen Jahren beim Deutschen Roten Kreuz Brensbach und ist hier stellvertretender Bereitschaftsleiter sowie Jugendleiter des ans\u00e4ssigen Jugendrotkreuzes. Au\u00dferdem engagiert er sich im Vorstand der Brensbacher SPD sowie bei den Jusos Gersprenztal als stellvertretender Vorsitzender. Seit Mai 2014 ist er Mitglied der Gemeindevertretung Brensbach.<\/p>\n<h4>Tobias Dziony, Brensbach<\/h4>\n<p><img decoding=\"async\" style=\"width: 200px; height: 300px; padding: 5px 20px 0 0; margin: 0; float: left;\" title=\"Tobias Dziony\" src=\"\/wp-content\/uploads\/2016\/01\/Dziony_Tobias_2015-12-19.jpg\" alt=\"Tobias Dziony\" \/><strong>\u201eEs ist wichtig, die Vitalit\u00e4t unserer Gemeinde zu erhalten. Deshalb gilt es, die sozialen und kulturellen Angebote zu f\u00f6rdern sowie die Unternehmen und das Handwerk zu unterst\u00fctzen.\u201c<\/strong><\/p>\n<p>Der junge Speditionskaufmann tritt zum ersten Mal bei einer Wahl an, ist daf\u00fcr aber umso motivierter. F\u00fcr seine fokussierte und zielorientierte Arbeitsweise bekannt, m\u00f6chte er seine Beharrlichkeit und Standfestigkeit einbringen, um das Wohl der Mitmenschen zu f\u00f6rdern. Neben dem Beruf widmet er sich dem Sport und seiner Band. Tobias Dziony will sich f\u00fcr die St\u00e4rkung des Ehrenamts einsetzen und junge Menschen f\u00fcr die Arbeit am Gemeinwesen begeistern. Die Verbesserung der Infrastruktur sowie die Steigerung der Wettbewerbsf\u00e4higkeit der Kommune, um Unternehmen und Gewerbe anzusiedeln, sind weitere Schwerpunkte f\u00fcr die n\u00e4chste Legislaturperiode.<\/p>\n<h4>Anja Marquardt, Affh\u00f6llerbach<\/h4>\n<p><img decoding=\"async\" style=\"width: 200px; height: 300px; padding: 5px 20px 0 0; margin: 0; float: left;\" title=\"Anja Marquardt\" src=\"\/wp-content\/uploads\/2016\/01\/Marquardt_Anja_2015-12-19.jpg\" alt=\"Anja Marquardt\" \/><strong>\u201eDer Impuls zur Erarbeitung des Leitbildes f\u00fcr Brensbach kam von uns. Mit diesem Prozess wollen wir auch das Miteinander der Generationen im Gemeinwesen st\u00e4rken.\u201c<\/strong><\/p>\n<p>Die aus Affh\u00f6llerbach kommende Verwaltungsfachangestellte ist verheiratet und hat drei schulpflichtige Kinder. Im Ortsbeirat Affh\u00f6llerbach und als stellvertretende Vorsitzende des Sport-, Kultur- und Sozialausschusses stellte sie ihre Teamf\u00e4higkeit unter Beweis. Sie engagiert sich in den Affh\u00f6llerbacher Vereinen und mag besonders den Zusammenhalt innerhalb des Ortsteils. Neben ihrem Beruf arbeitet sie gerne im Garten, liebt alte Rosen und Hausbooturlaube mit ihrer Familie. Ihr Hauptaugenmerk gilt den Kindern und Jugendlichen, sie hat aber auch ein Ohr f\u00fcr die Belange \u00e4lterer Menschen, da sie mit ihrer Familie in einem Vier-Generationen-Haus lebt.<\/p>\n<h4>Daniela Abraham-Grimm, Brensbach<\/h4>\n<p><img decoding=\"async\" style=\"width: 200px; height: 300px; padding: 5px 20px 0 0; margin: 0; float: left;\" title=\"Daniela Abraham-Grimm\" src=\"\/wp-content\/uploads\/2016\/01\/placeholder.png\" alt=\"Daniela Abraham-Grimm\" \/><strong>\u201eWir f\u00f6rdern b\u00fcrgerschaftliches Engagement zielgerichtet, denn die Arbeit von Vereinen und caritativen Einrichtungen ist unverzichtbar.\u201c<\/strong><\/p>\n<p>Die Medizincontrollerin ist seit Jahren Vorsitzende des \u00f6rtlichen Ortsverbands des Deutschen Roten Kreuzes. Im Vorstand der Kleinkunstkneipe \u201eAlte Post\u201c ist sie im Organisationsteam t\u00e4tig und engagiert sich seit vielen Jahren in der Jugendarbeit, insbesondere beim \u00f6rtlichen Jugendrotkreuz. Ihre St\u00e4rke liegt im sozialen Bereich und ihr Motto lautet: \u201eGemeinsam sind wir stark\u201c.<\/p>\n<h4>Reinhard Grimm, Brensbach<\/h4>\n<p><img decoding=\"async\" style=\"width: 200px; height: 300px; padding: 5px 20px 0 0; margin: 0; float: left;\" title=\"Reinhard Grimm\" src=\"\/wp-content\/uploads\/2016\/01\/placeholder.png\" alt=\"Reinhard Grimm\" \/><strong>\u201eF\u00fcr die Verbesserung der Verkehrssituation und die Aufwertung des Ortskerns von Brensbach werden wir ein integriertes Konzept erarbeiten und umsetzen.\u201c<\/strong><\/p>\n<p>Der Verwaltungsangestellte ist Vorsitzender der Kleinkunstkneipe \u201eAlte Post\u201c in Brensbach. Sein Interesse gilt vor allem dem Brensbacher Kulturleben. Au\u00dferdem arbeitet er in verschiedenen Bereichen des Brensbacher Vereinslebens aktiv mit, zum Beispiel beim DRK Ortsverein Brensbach oder bei der Mitgestaltung des Weihnachtsmarktes. Er war ma\u00dfgeblich am Mitaufbau des Brensbacher Jugendrotkreuzes beteiligt. Sein gr\u00f6\u00dftes Hobby ist das Kochen, bei dem er sich entspannen kann.<\/p>\n","protected":false},"excerpt":{"rendered":"<p>Brensbacher SPD zeigt Gesicht: Ein verj\u00fcngtes Team mit viel Engagement \u00fcbernimmt Verantwortung, hat Kompetenz und steht f\u00fcr Fortschritt. Zum Wohl der B\u00fcrgerinnen und B\u00fcrger von Brensbach. Mit vielen neuen und auch jungen Pers\u00f6nlichkeiten aus unserer Gesamtgemeinde gehen die Brensbacher Sozialdemokraten in die Kommunalwahl 2016. Ein verj\u00fcngtes Team mit viel Engagement, bestehend aus 44 Kandidatinnen und &hellip; <a href=\"https:\/\/www.spd-brensbach.de\/?page_id=3415\" class=\"more-link\"><span class=\"screen-reader-text\">Brensbacher Sozialdemokraten gehen mit 44 Kandidatinnen und Kandidaten in die Kommunalwahl 2016<\/span> weiterlesen <span class=\"meta-nav\">&rarr;<\/span><\/a><\/p>\n","protected":false},"author":2,"featured_media":3344,"parent":0,"menu_order":0,"comment_status":"closed","ping_status":"closed","template":"","meta":{"footnotes":""},"class_list":["post-3415","page","type-page","status-publish","has-post-thumbnail","hentry"],"_links":{"self":[{"href":"https:\/\/www.spd-brensbach.de\/index.php?rest_route=\/wp\/v2\/pages\/3415","targetHints":{"allow":["GET"]}}],"collection":[{"href":"https:\/\/www.spd-brensbach.de\/index.php?rest_route=\/wp\/v2\/pages"}],"about":[{"href":"https:\/\/www.spd-brensbach.de\/index.php?rest_route=\/wp\/v2\/types\/page"}],"author":[{"embeddable":true,"href":"https:\/\/www.spd-brensbach.de\/index.php?rest_route=\/wp\/v2\/users\/2"}],"replies":[{"embeddable":true,"href":"https:\/\/www.spd-brensbach.de\/index.php?rest_route=%2Fwp%2Fv2%2Fcomments&post=3415"}],"version-history":[{"count":80,"href":"https:\/\/www.spd-brensbach.de\/index.php?rest_route=\/wp\/v2\/pages\/3415\/revisions"}],"predecessor-version":[{"id":6341,"href":"https:\/\/www.spd-brensbach.de\/index.php?rest_route=\/wp\/v2\/pages\/3415\/revisions\/6341"}],"wp:featuredmedia":[{"embeddable":true,"href":"https:\/\/www.spd-brensbach.de\/index.php?rest_route=\/wp\/v2\/media\/3344"}],"wp:attachment":[{"href":"https:\/\/www.spd-brensbach.de\/index.php?rest_route=%2Fwp%2Fv2%2Fmedia&parent=3415"}],"curies":[{"name":"wp","href":"https:\/\/api.w.org\/{rel}","templated":true}]}}