{"id":4214,"date":"2018-03-23T14:11:35","date_gmt":"2018-03-23T13:11:35","guid":{"rendered":"https:\/\/www.spd-brensbach.de\/?page_id=4214"},"modified":"2025-12-21T09:32:00","modified_gmt":"2025-12-21T08:32:00","slug":"hermann-salg","status":"publish","type":"page","link":"https:\/\/www.spd-brensbach.de\/?page_id=4214","title":{"rendered":"Hermann Salg"},"content":{"rendered":"\n<p>Hermann Salg, Jahrgang 1953, lebt in Wersau und engagiert sich seit vielen Jahren mit gro\u00dfem Einsatz f\u00fcr soziale Gerechtigkeit. Er ist verheiratet, hat zwei Stiefkinder, sechs Enkelkinder und bereits ein Urenkelkind. Als Vorsitzender des VdK-Ortsverbands Wersau pr\u00e4gt er die soziale Arbeit vor Ort ma\u00dfgeblich. Zudem leitet er Seminare beim VdK und ist selbst als Sozialberater t\u00e4tig.<\/p>\n\n\n\n<p>Sein besonderer Schwerpunkt liegt in der Beratung zu Wohnraum und Barrierefreiheit \u2013 Themen, die f\u00fcr viele Menschen im Alltag von zentraler Bedeutung sind. Hermann Salg ist \u00fcberzeugt, dass sich eine solidarische Gesellschaft daran misst, wie sie mit ihren schw\u00e4cheren Mitgliedern umgeht.<\/p>\n\n\n\n<p>Ausgleich findet er beim Schwimmen und Wandern. Ein ganz besonderer Lieblingsort ist f\u00fcr ihn die B\u00e4ckerei Friedrich: ein Platz zum Fr\u00fchst\u00fccken, f\u00fcr gute Gespr\u00e4che und echtes Beisammensein. Wichtig ist ihm ein friedvolles, respektvolles Miteinander \u2013 in der Gemeinde und dar\u00fcber hinaus.<\/p>\n\n\n\n<p>\u201eEine starke Gemeinde zeigt sich darin, dass niemand allein gelassen wird.\u201c<\/p>\n","protected":false},"excerpt":{"rendered":"<p>Hermann Salg, Jahrgang 1953, lebt in Wersau und engagiert sich seit vielen Jahren mit gro\u00dfem Einsatz f\u00fcr soziale Gerechtigkeit. Er ist verheiratet, hat zwei Stiefkinder, sechs Enkelkinder und bereits ein Urenkelkind. Als Vorsitzender des VdK-Ortsverbands Wersau pr\u00e4gt er die soziale Arbeit vor Ort ma\u00dfgeblich. Zudem leitet er Seminare beim VdK und ist selbst als Sozialberater &hellip; <a href=\"https:\/\/www.spd-brensbach.de\/?page_id=4214\" class=\"more-link\"><span class=\"screen-reader-text\">Hermann Salg<\/span> weiterlesen <span class=\"meta-nav\">&rarr;<\/span><\/a><\/p>\n","protected":false},"author":2,"featured_media":5121,"parent":0,"menu_order":0,"comment_status":"closed","ping_status":"closed","template":"","meta":{"footnotes":""},"class_list":["post-4214","page","type-page","status-publish","has-post-thumbnail","hentry"],"_links":{"self":[{"href":"https:\/\/www.spd-brensbach.de\/index.php?rest_route=\/wp\/v2\/pages\/4214","targetHints":{"allow":["GET"]}}],"collection":[{"href":"https:\/\/www.spd-brensbach.de\/index.php?rest_route=\/wp\/v2\/pages"}],"about":[{"href":"https:\/\/www.spd-brensbach.de\/index.php?rest_route=\/wp\/v2\/types\/page"}],"author":[{"embeddable":true,"href":"https:\/\/www.spd-brensbach.de\/index.php?rest_route=\/wp\/v2\/users\/2"}],"replies":[{"embeddable":true,"href":"https:\/\/www.spd-brensbach.de\/index.php?rest_route=%2Fwp%2Fv2%2Fcomments&post=4214"}],"version-history":[{"count":4,"href":"https:\/\/www.spd-brensbach.de\/index.php?rest_route=\/wp\/v2\/pages\/4214\/revisions"}],"predecessor-version":[{"id":6317,"href":"https:\/\/www.spd-brensbach.de\/index.php?rest_route=\/wp\/v2\/pages\/4214\/revisions\/6317"}],"wp:featuredmedia":[{"embeddable":true,"href":"https:\/\/www.spd-brensbach.de\/index.php?rest_route=\/wp\/v2\/media\/5121"}],"wp:attachment":[{"href":"https:\/\/www.spd-brensbach.de\/index.php?rest_route=%2Fwp%2Fv2%2Fmedia&parent=4214"}],"curies":[{"name":"wp","href":"https:\/\/api.w.org\/{rel}","templated":true}]}}